{"id":117,"date":"2026-02-03T16:35:16","date_gmt":"2026-02-03T15:35:16","guid":{"rendered":"https:\/\/pepiniereindigene.wordpress.com\/?page_id=117"},"modified":"2026-02-03T16:07:19","modified_gmt":"2026-02-03T16:07:19","slug":"accueil","status":"publish","type":"page","link":"https:\/\/pepiniere-indigene.info\/","title":{"rendered":"Accueil"},"content":{"rendered":"\n<div class=\"wp-block-group alignfull has-global-padding is-content-justification-center is-layout-constrained wp-container-core-group-is-layout-8dca4fca wp-block-group-is-layout-constrained\" style=\"margin-top:0;margin-bottom:0;padding-top:var(--wp--preset--spacing--20);padding-right:var(--wp--style--root--padding-right, var(--wp--custom--gap--horizontal));padding-bottom:var(--wp--preset--spacing--20);padding-left:var(--wp--style--root--padding-left, var(--wp--custom--gap--horizontal))\">\n<header class=\"wp-block-group alignwide is-content-justification-space-between is-nowrap is-layout-flex wp-container-core-group-is-layout-eeb91d56 wp-block-group-is-layout-flex\" style=\"margin-top:0;margin-bottom:0\">\n<div class=\"wp-block-group is-nowrap is-layout-flex wp-container-core-group-is-layout-f1189ed3 wp-block-group-is-layout-flex\">\n<div class=\"wp-block-group is-nowrap is-layout-flex wp-container-core-group-is-layout-6c531013 wp-block-group-is-layout-flex\"><div class=\"aligncenter is-style-default wp-block-site-logo\"><a href=\"https:\/\/pepiniere-indigene.info\/\" class=\"custom-logo-link\" rel=\"home\"><img loading=\"lazy\" decoding=\"async\" width=\"1450\" height=\"309\" src=\"https:\/\/pepiniere-indigene.info\/wp-content\/uploads\/2024\/05\/logo-9.jpg\" class=\"custom-logo\" alt=\"logo\" srcset=\"https:\/\/pepiniere-indigene.info\/wp-content\/uploads\/2024\/05\/logo-9.jpg 903w, https:\/\/pepiniere-indigene.info\/wp-content\/uploads\/2024\/05\/logo-9-300x64.jpg 300w, https:\/\/pepiniere-indigene.info\/wp-content\/uploads\/2024\/05\/logo-9-768x164.jpg 768w\" sizes=\"auto, (max-width: 1450px) 100vw, 1450px\" \/><\/a><\/div><\/div>\n<\/div>\n<\/header>\n<\/div>\n\n\n\n<main class=\"wp-block-group alignfull is-layout-flow wp-container-core-group-is-layout-8a368f38 wp-block-group-is-layout-flow\">\n<div class=\"wp-block-group alignfull has-global-padding is-content-justification-center is-layout-constrained wp-container-core-group-is-layout-df757ecc wp-block-group-is-layout-constrained\" style=\"margin-top:0;margin-bottom:0;padding-top:calc( 0.5 * var(--wp--style--root--padding-right, var(--wp--custom--gap--horizontal)));padding-right:var(--wp--style--root--padding-right, var(--wp--custom--gap--horizontal));padding-bottom:calc( 0.5 * var(--wp--style--root--padding-right, var(--wp--custom--gap--horizontal)));padding-left:var(--wp--style--root--padding-left, var(--wp--custom--gap--horizontal))\">\n<div style=\"height:calc( 0.25 * var(--wp--style--root--padding-right, var(--wp--custom--gap--horizontal)))\" aria-hidden=\"true\" class=\"wp-block-spacer\"><\/div>\n\n\n\n<div class=\"wp-block-columns alignwide are-vertically-aligned-center is-layout-flex wp-container-core-columns-is-layout-28f84493 wp-block-columns-is-layout-flex\">\n<div class=\"wp-block-column is-vertically-aligned-center is-layout-flow wp-block-column-is-layout-flow\">\n<figure class=\"wp-block-image alignleft size-full is-resized\"><img decoding=\"async\" src=\"https:\/\/pepiniereindigene.wordpress.com\/wp-content\/uploads\/2024\/05\/20230902_190153-4.jpg\" alt=\"\" class=\"wp-image-53\" style=\"aspect-ratio:1;object-fit:cover;width:679px;height:auto\"\/><\/figure>\n<\/div>\n\n\n\n<div class=\"wp-block-column is-vertically-aligned-center is-layout-flow wp-block-column-is-layout-flow\">\n<h2 class=\"wp-block-heading has-xx-large-font-size\">une p\u00e9pini\u00e8re <br>de sauvages<\/h2>\n\n\n\n<p>Cr\u00e9\u00e9e en Limousin, la p\u00e9pini\u00e8re INDIG\u00c8NE propose des <strong>arbres <\/strong>et <strong>arbustes <\/strong>issus de collecte de graines en milieu naturel.<\/p>\n\n\n\n<p>L&rsquo;<strong>origine locale<\/strong> et la <strong>diversit\u00e9 g\u00e9n\u00e9tique<\/strong> de ces v\u00e9g\u00e9taux garantissent leur fonctionnalit\u00e9 \u00e9cologique et la r\u00e9ussite de vos projets de plantation.<\/p>\n<\/div>\n<\/div>\n\n\n\n<div style=\"height:calc( 0.25 * var(--wp--style--root--padding-right, var(--wp--custom--gap--horizontal)))\" aria-hidden=\"true\" class=\"wp-block-spacer\"><\/div>\n<\/div>\n\n\n\n<div class=\"wp-block-group alignfull has-global-padding is-content-justification-center is-layout-constrained wp-container-core-group-is-layout-df757ecc wp-block-group-is-layout-constrained\" style=\"margin-top:0;margin-bottom:0;padding-top:calc( 0.5 * var(--wp--style--root--padding-right, var(--wp--custom--gap--horizontal)));padding-right:var(--wp--style--root--padding-right, var(--wp--custom--gap--horizontal));padding-bottom:calc( 0.5 * var(--wp--style--root--padding-right, var(--wp--custom--gap--horizontal)));padding-left:var(--wp--style--root--padding-left, var(--wp--custom--gap--horizontal))\">\n<div style=\"height:calc( 0.25 * var(--wp--style--root--padding-right, var(--wp--custom--gap--horizontal)))\" aria-hidden=\"true\" class=\"wp-block-spacer\"><\/div>\n\n\n\n<div class=\"wp-block-columns alignwide are-vertically-aligned-center is-layout-flex wp-container-core-columns-is-layout-28f84493 wp-block-columns-is-layout-flex\">\n<div class=\"wp-block-column is-vertically-aligned-center is-layout-flow wp-block-column-is-layout-flow\">\n<h2 class=\"wp-block-heading has-xx-large-font-size\">au service de la biodiversit\u00e9<\/h2>\n\n\n\n<p>Nos v\u00e9g\u00e9taux sont destin\u00e9s aux <strong>plantations de haies<\/strong>, aux projets de <strong>v\u00e9g\u00e9talisation \u00e9cologique et paysag\u00e8re<\/strong> ainsi qu&rsquo;aux op\u00e9rations de <strong>renaturation<\/strong>.<\/p>\n\n\n\n<p>La <a href=\"https:\/\/www.vegetal-local.fr\/\">marque <em>V\u00e9g\u00e9tal Local<\/em><\/a>, de l&rsquo;Office Fran\u00e7ais de la Biodiversit\u00e9, certifie la diversit\u00e9 et la tra\u00e7abilit\u00e9 des v\u00e9g\u00e9taux, de la collecte de la graine \u00e0 la plantation du jeune plant. Depuis d\u00e9cembre 2024, nous sommes <strong>b\u00e9n\u00e9ficiaires de la marque<\/strong>.<\/p>\n\n\n\n<p>La production est men\u00e9e selon le cahier des charges de l&rsquo;<strong>agriculture biologique<\/strong>, une gestion agricole <strong>durable <\/strong>qui pr\u00e9serve les sols, l&rsquo;air, l&rsquo;eau et les \u00e9cosyst\u00e8mes naturels.<\/p>\n\n\n\n<figure class=\"wp-block-image aligncenter size-large is-resized\"><img loading=\"lazy\" decoding=\"async\" width=\"534\" height=\"149\" src=\"https:\/\/pepiniereindigene.wordpress.com\/wp-content\/uploads\/2024\/05\/logoab_eurofeuille_biologique-2-2.png?w=534\" alt=\"\" class=\"wp-image-59\" style=\"width:297px;height:auto\" srcset=\"https:\/\/pepiniere-indigene.info\/wp-content\/uploads\/2024\/05\/logoab_eurofeuille_biologique-2-2.png 534w, https:\/\/pepiniere-indigene.info\/wp-content\/uploads\/2024\/05\/logoab_eurofeuille_biologique-2-2-300x84.png 300w\" sizes=\"auto, (max-width: 534px) 100vw, 534px\" \/><\/figure>\n<\/div>\n\n\n\n<div class=\"wp-block-column is-vertically-aligned-center is-layout-flow wp-block-column-is-layout-flow\">\n<figure class=\"wp-block-image size-large\"><img decoding=\"async\" src=\"https:\/\/pepiniereindigene.wordpress.com\/wp-content\/uploads\/2024\/05\/20240505_095951.jpg?w=1024\" alt=\"\" class=\"wp-image-60\" style=\"aspect-ratio:1;object-fit:cover\"\/><\/figure>\n<\/div>\n<\/div>\n\n\n\n<div style=\"height:calc( 0.25 * var(--wp--style--root--padding-right, var(--wp--custom--gap--horizontal)))\" aria-hidden=\"true\" class=\"wp-block-spacer\"><\/div>\n<\/div>\n\n\n\n<div class=\"wp-block-group alignfull has-global-padding is-content-justification-center is-layout-constrained wp-container-core-group-is-layout-df757ecc wp-block-group-is-layout-constrained\" style=\"margin-top:0;margin-bottom:0;padding-top:calc( 0.5 * var(--wp--style--root--padding-right, var(--wp--custom--gap--horizontal)));padding-right:var(--wp--style--root--padding-right, var(--wp--custom--gap--horizontal));padding-bottom:calc( 0.5 * var(--wp--style--root--padding-right, var(--wp--custom--gap--horizontal)));padding-left:var(--wp--style--root--padding-left, var(--wp--custom--gap--horizontal))\">\n<div style=\"height:calc( 0.25 * var(--wp--style--root--padding-right, var(--wp--custom--gap--horizontal)))\" aria-hidden=\"true\" class=\"wp-block-spacer\"><\/div>\n\n\n\n<div class=\"wp-block-columns alignwide are-vertically-aligned-center is-layout-flex wp-container-core-columns-is-layout-28f84493 wp-block-columns-is-layout-flex\">\n<div class=\"wp-block-column is-vertically-aligned-center is-layout-flow wp-block-column-is-layout-flow\">\n<figure class=\"wp-block-image size-full\"><img loading=\"lazy\" decoding=\"async\" width=\"2406\" height=\"2406\" src=\"https:\/\/pepiniereindigene.wordpress.com\/wp-content\/uploads\/2024\/05\/img_20240516_175149191.jpg\" alt=\"\" class=\"wp-image-75\" style=\"aspect-ratio:1;object-fit:cover\" srcset=\"https:\/\/pepiniere-indigene.info\/wp-content\/uploads\/2024\/05\/img_20240516_175149191.jpg 2406w, https:\/\/pepiniere-indigene.info\/wp-content\/uploads\/2024\/05\/img_20240516_175149191-300x300.jpg 300w, https:\/\/pepiniere-indigene.info\/wp-content\/uploads\/2024\/05\/img_20240516_175149191-1024x1024.jpg 1024w, https:\/\/pepiniere-indigene.info\/wp-content\/uploads\/2024\/05\/img_20240516_175149191-150x150.jpg 150w, https:\/\/pepiniere-indigene.info\/wp-content\/uploads\/2024\/05\/img_20240516_175149191-768x768.jpg 768w, https:\/\/pepiniere-indigene.info\/wp-content\/uploads\/2024\/05\/img_20240516_175149191-1536x1536.jpg 1536w, https:\/\/pepiniere-indigene.info\/wp-content\/uploads\/2024\/05\/img_20240516_175149191-2048x2048.jpg 2048w\" sizes=\"auto, (max-width: 2406px) 100vw, 2406px\" \/><\/figure>\n<\/div>\n\n\n\n<div class=\"wp-block-column is-vertically-aligned-center is-layout-flow wp-block-column-is-layout-flow\">\n<h2 class=\"wp-block-heading has-xx-large-font-size\">ancr\u00e9e dans son territoire<\/h2>\n\n\n\n<p>Le Limousin constitue la partie occidentale de la <a href=\"https:\/\/umap.openstreetmap.fr\/fr\/map\/vegetal-local-regions-dorigines-et-unites-naturell_656487#9\/46.1475\/2.3621\">zone biog\u00e9ographique \u00ab\u00a0Massif Central\u00a0\u00bb<\/a>: sols acides, relief vallonn\u00e9 et climat sous influence oc\u00e9anique en ont fait une terre d&rsquo;\u00e9levage.<\/p>\n\n\n\n<p>En accord avec des exploitants agricoles, nous r\u00e9alisons la majorit\u00e9 de nos collectes de graines le long de leurs haies.<\/p>\n\n\n\n<p>Le <a href=\"https:\/\/www.conservatoirelimousin.com\/\">Conservatoire d&rsquo;espaces naturels du Limousin<\/a>, gestionnaire de sites exceptionnels, a \u00e9t\u00e9 le premier \u00e0 nous y autoriser.<\/p>\n<\/div>\n<\/div>\n\n\n\n<div style=\"height:calc( 0.25 * var(--wp--style--root--padding-right, var(--wp--custom--gap--horizontal)))\" aria-hidden=\"true\" class=\"wp-block-spacer\"><\/div>\n<\/div>\n\n\n\n<div class=\"wp-block-group alignfull has-global-padding is-content-justification-center is-layout-constrained wp-container-core-group-is-layout-df757ecc wp-block-group-is-layout-constrained\" style=\"margin-top:0;margin-bottom:0;padding-top:calc( 0.5 * var(--wp--style--root--padding-right, var(--wp--custom--gap--horizontal)));padding-right:var(--wp--style--root--padding-right, var(--wp--custom--gap--horizontal));padding-bottom:calc( 0.5 * var(--wp--style--root--padding-right, var(--wp--custom--gap--horizontal)));padding-left:var(--wp--style--root--padding-left, var(--wp--custom--gap--horizontal))\">\n<div style=\"height:calc( 0.25 * var(--wp--style--root--padding-right, var(--wp--custom--gap--horizontal)))\" aria-hidden=\"true\" class=\"wp-block-spacer\"><\/div>\n\n\n\n<h2 class=\"wp-block-heading has-text-align-center\">de la graine&#8230;<\/h2>\n\n\n\n<p class=\"has-text-align-center\"><\/p>\n\n\n\n<div style=\"height:calc( 0.25 * var(--wp--style--root--padding-right, var(--wp--custom--gap--horizontal)))\" aria-hidden=\"true\" class=\"wp-block-spacer\"><\/div>\n\n\n\n<figure class=\"wp-block-gallery alignwide has-nested-images columns-default is-cropped wp-block-gallery-1 is-layout-flex wp-block-gallery-is-layout-flex\">\n<figure class=\"wp-block-image size-full\"><img loading=\"lazy\" decoding=\"async\" width=\"1653\" height=\"1653\" data-id=\"74\" src=\"https:\/\/pepiniereindigene.wordpress.com\/wp-content\/uploads\/2024\/05\/20231028_124234.jpg\" alt=\"\" class=\"wp-image-74\" srcset=\"https:\/\/pepiniere-indigene.info\/wp-content\/uploads\/2024\/05\/20231028_124234.jpg 1653w, https:\/\/pepiniere-indigene.info\/wp-content\/uploads\/2024\/05\/20231028_124234-300x300.jpg 300w, https:\/\/pepiniere-indigene.info\/wp-content\/uploads\/2024\/05\/20231028_124234-1024x1024.jpg 1024w, https:\/\/pepiniere-indigene.info\/wp-content\/uploads\/2024\/05\/20231028_124234-150x150.jpg 150w, https:\/\/pepiniere-indigene.info\/wp-content\/uploads\/2024\/05\/20231028_124234-768x768.jpg 768w, https:\/\/pepiniere-indigene.info\/wp-content\/uploads\/2024\/05\/20231028_124234-1536x1536.jpg 1536w\" sizes=\"auto, (max-width: 1653px) 100vw, 1653px\" \/><figcaption class=\"wp-element-caption\"><em>Euonymus europaeus<\/em>, \u00ab\u00a0fusain\u00a0\u00bb<\/figcaption><\/figure>\n\n\n\n<figure class=\"wp-block-image size-full\"><img decoding=\"async\" data-id=\"73\" src=\"https:\/\/pepiniereindigene.wordpress.com\/wp-content\/uploads\/2024\/05\/20230903_113254.jpg\" alt=\"\" class=\"wp-image-73\"\/><figcaption class=\"wp-element-caption\"><em>Carpinus betulus<\/em>, \u00ab\u00a0charme\u00a0\u00bb<\/figcaption><\/figure>\n\n\n\n<figure class=\"wp-block-image size-full\"><img loading=\"lazy\" decoding=\"async\" width=\"1857\" height=\"1857\" data-id=\"68\" src=\"https:\/\/pepiniereindigene.wordpress.com\/wp-content\/uploads\/2024\/05\/20230924_193516.jpg\" alt=\"\" class=\"wp-image-68\" srcset=\"https:\/\/pepiniere-indigene.info\/wp-content\/uploads\/2024\/05\/20230924_193516.jpg 1857w, https:\/\/pepiniere-indigene.info\/wp-content\/uploads\/2024\/05\/20230924_193516-300x300.jpg 300w, https:\/\/pepiniere-indigene.info\/wp-content\/uploads\/2024\/05\/20230924_193516-1024x1024.jpg 1024w, https:\/\/pepiniere-indigene.info\/wp-content\/uploads\/2024\/05\/20230924_193516-150x150.jpg 150w, https:\/\/pepiniere-indigene.info\/wp-content\/uploads\/2024\/05\/20230924_193516-768x768.jpg 768w, https:\/\/pepiniere-indigene.info\/wp-content\/uploads\/2024\/05\/20230924_193516-1536x1536.jpg 1536w\" sizes=\"auto, (max-width: 1857px) 100vw, 1857px\" \/><figcaption class=\"wp-element-caption\"><em>Crataegus monogyna<\/em>, \u00ab\u00a0aub\u00e9pine\u00a0\u00bb<\/figcaption><\/figure>\n\n\n\n<figure class=\"wp-block-image size-full\"><img loading=\"lazy\" decoding=\"async\" width=\"1887\" height=\"1887\" data-id=\"70\" src=\"https:\/\/pepiniereindigene.wordpress.com\/wp-content\/uploads\/2024\/05\/20230924_193846.jpg\" alt=\"\" class=\"wp-image-70\" srcset=\"https:\/\/pepiniere-indigene.info\/wp-content\/uploads\/2024\/05\/20230924_193846.jpg 1887w, https:\/\/pepiniere-indigene.info\/wp-content\/uploads\/2024\/05\/20230924_193846-300x300.jpg 300w, https:\/\/pepiniere-indigene.info\/wp-content\/uploads\/2024\/05\/20230924_193846-1024x1024.jpg 1024w, https:\/\/pepiniere-indigene.info\/wp-content\/uploads\/2024\/05\/20230924_193846-150x150.jpg 150w, https:\/\/pepiniere-indigene.info\/wp-content\/uploads\/2024\/05\/20230924_193846-768x768.jpg 768w, https:\/\/pepiniere-indigene.info\/wp-content\/uploads\/2024\/05\/20230924_193846-1536x1536.jpg 1536w\" sizes=\"auto, (max-width: 1887px) 100vw, 1887px\" \/><figcaption class=\"wp-element-caption\"><em>Acer campestre<\/em>, \u00ab\u00a0\u00e9rable champ\u00eatre\u00a0\u00bb<\/figcaption><\/figure>\n\n\n\n<figure class=\"wp-block-image size-full\"><img loading=\"lazy\" decoding=\"async\" width=\"1565\" height=\"1565\" data-id=\"65\" src=\"https:\/\/pepiniereindigene.wordpress.com\/wp-content\/uploads\/2024\/05\/20230906_174144.jpg\" alt=\"\" class=\"wp-image-65\" srcset=\"https:\/\/pepiniere-indigene.info\/wp-content\/uploads\/2024\/05\/20230906_174144.jpg 1565w, https:\/\/pepiniere-indigene.info\/wp-content\/uploads\/2024\/05\/20230906_174144-300x300.jpg 300w, https:\/\/pepiniere-indigene.info\/wp-content\/uploads\/2024\/05\/20230906_174144-1024x1024.jpg 1024w, https:\/\/pepiniere-indigene.info\/wp-content\/uploads\/2024\/05\/20230906_174144-150x150.jpg 150w, https:\/\/pepiniere-indigene.info\/wp-content\/uploads\/2024\/05\/20230906_174144-768x768.jpg 768w, https:\/\/pepiniere-indigene.info\/wp-content\/uploads\/2024\/05\/20230906_174144-1536x1536.jpg 1536w\" sizes=\"auto, (max-width: 1565px) 100vw, 1565px\" \/><figcaption class=\"wp-element-caption\"><em>Prunus spinosa<\/em>, \u00ab\u00a0prunellier\u00a0\u00bb<\/figcaption><\/figure>\n\n\n\n<figure class=\"wp-block-image size-full\"><img loading=\"lazy\" decoding=\"async\" width=\"1787\" height=\"1787\" data-id=\"67\" src=\"https:\/\/pepiniereindigene.wordpress.com\/wp-content\/uploads\/2024\/05\/20230921_112053.jpg\" alt=\"\" class=\"wp-image-67\" srcset=\"https:\/\/pepiniere-indigene.info\/wp-content\/uploads\/2024\/05\/20230921_112053.jpg 1787w, https:\/\/pepiniere-indigene.info\/wp-content\/uploads\/2024\/05\/20230921_112053-300x300.jpg 300w, https:\/\/pepiniere-indigene.info\/wp-content\/uploads\/2024\/05\/20230921_112053-1024x1024.jpg 1024w, https:\/\/pepiniere-indigene.info\/wp-content\/uploads\/2024\/05\/20230921_112053-150x150.jpg 150w, https:\/\/pepiniere-indigene.info\/wp-content\/uploads\/2024\/05\/20230921_112053-768x768.jpg 768w, https:\/\/pepiniere-indigene.info\/wp-content\/uploads\/2024\/05\/20230921_112053-1536x1536.jpg 1536w\" sizes=\"auto, (max-width: 1787px) 100vw, 1787px\" \/><figcaption class=\"wp-element-caption\"><em>Fagus sylvatica<\/em>, \u00ab\u00a0h\u00eatre\u00a0\u00bb<\/figcaption><\/figure>\n\n\n\n<figure class=\"wp-block-image size-full\"><img loading=\"lazy\" decoding=\"async\" width=\"1789\" height=\"1789\" data-id=\"71\" src=\"https:\/\/pepiniereindigene.wordpress.com\/wp-content\/uploads\/2024\/05\/20230903_111703.jpg\" alt=\"\" class=\"wp-image-71\" srcset=\"https:\/\/pepiniere-indigene.info\/wp-content\/uploads\/2024\/05\/20230903_111703.jpg 1789w, https:\/\/pepiniere-indigene.info\/wp-content\/uploads\/2024\/05\/20230903_111703-300x300.jpg 300w, https:\/\/pepiniere-indigene.info\/wp-content\/uploads\/2024\/05\/20230903_111703-1024x1024.jpg 1024w, https:\/\/pepiniere-indigene.info\/wp-content\/uploads\/2024\/05\/20230903_111703-150x150.jpg 150w, https:\/\/pepiniere-indigene.info\/wp-content\/uploads\/2024\/05\/20230903_111703-768x768.jpg 768w, https:\/\/pepiniere-indigene.info\/wp-content\/uploads\/2024\/05\/20230903_111703-1536x1536.jpg 1536w\" sizes=\"auto, (max-width: 1789px) 100vw, 1789px\" \/><figcaption class=\"wp-element-caption\"><em>Viburnum opulus<\/em>, \u00ab\u00a0viorne aubier\u00a0\u00bb<\/figcaption><\/figure>\n\n\n\n<figure class=\"wp-block-image size-full\"><img decoding=\"async\" data-id=\"69\" src=\"https:\/\/pepiniereindigene.wordpress.com\/wp-content\/uploads\/2024\/05\/20231112_121918.jpg\" alt=\"\" class=\"wp-image-69\"\/><figcaption class=\"wp-element-caption\"><em>Crataegus germanica<\/em>, \u00ab\u00a0n\u00e9flier\u00a0\u00bb<\/figcaption><\/figure>\n\n\n\n<figure class=\"wp-block-image size-full\"><img decoding=\"async\" data-id=\"72\" src=\"https:\/\/pepiniereindigene.wordpress.com\/wp-content\/uploads\/2024\/05\/20240410_172659.jpg\" alt=\"\" class=\"wp-image-72\"\/><figcaption class=\"wp-element-caption\"><em>Ulmus minor<\/em>, \u00ab\u00a0orme champ\u00eatre\u00a0\u00bb<\/figcaption><\/figure>\n<\/figure>\n\n\n\n<div style=\"height:calc( 0.25 * var(--wp--style--root--padding-right, var(--wp--custom--gap--horizontal)))\" aria-hidden=\"true\" class=\"wp-block-spacer\"><\/div>\n<\/div>\n\n\n\n<div class=\"wp-block-group alignfull has-global-padding is-content-justification-center is-layout-constrained wp-container-core-group-is-layout-df757ecc wp-block-group-is-layout-constrained\" style=\"margin-top:0;margin-bottom:0;padding-top:calc( 0.5 * var(--wp--style--root--padding-right, var(--wp--custom--gap--horizontal)));padding-right:var(--wp--style--root--padding-right, var(--wp--custom--gap--horizontal));padding-bottom:calc( 0.5 * var(--wp--style--root--padding-right, var(--wp--custom--gap--horizontal)));padding-left:var(--wp--style--root--padding-left, var(--wp--custom--gap--horizontal))\">\n<div style=\"height:calc( 0.25 * var(--wp--style--root--padding-right, var(--wp--custom--gap--horizontal)))\" aria-hidden=\"true\" class=\"wp-block-spacer\"><\/div>\n\n\n\n<h2 class=\"wp-block-heading has-text-align-center\">&#8230;au plant<\/h2>\n\n\n\n<p class=\"has-text-align-center\"><\/p>\n\n\n\n<div style=\"height:calc( 0.25 * var(--wp--style--root--padding-right, var(--wp--custom--gap--horizontal)))\" aria-hidden=\"true\" class=\"wp-block-spacer\"><\/div>\n\n\n\n<figure class=\"wp-block-gallery alignwide has-nested-images columns-default is-cropped wp-block-gallery-2 is-layout-flex wp-block-gallery-is-layout-flex\">\n<figure class=\"wp-block-image size-full\"><img decoding=\"async\" data-id=\"81\" src=\"https:\/\/pepiniereindigene.wordpress.com\/wp-content\/uploads\/2024\/05\/20230902_190209-edited.jpg\" alt=\"\" class=\"wp-image-81\"\/><figcaption class=\"wp-element-caption\"><em>Betula pendula<\/em>, \u00ab\u00a0bouleau verruqueux\u00a0\u00bb<\/figcaption><\/figure>\n\n\n\n<figure class=\"wp-block-image size-full\"><img decoding=\"async\" data-id=\"83\" src=\"https:\/\/pepiniereindigene.wordpress.com\/wp-content\/uploads\/2024\/05\/20230902_190233-edited.jpg\" alt=\"\" class=\"wp-image-83\"\/><figcaption class=\"wp-element-caption\"><em>Cornus sanguinea<\/em>, \u00ab\u00a0cournouiller sanguin\u00a0\u00bb<\/figcaption><\/figure>\n\n\n\n<figure class=\"wp-block-image size-full\"><img loading=\"lazy\" decoding=\"async\" width=\"2045\" height=\"2045\" data-id=\"85\" src=\"https:\/\/pepiniereindigene.wordpress.com\/wp-content\/uploads\/2024\/05\/20230902_190317-edited.jpg\" alt=\"\" class=\"wp-image-85\" srcset=\"https:\/\/pepiniere-indigene.info\/wp-content\/uploads\/2024\/05\/20230902_190317-edited.jpg 2045w, https:\/\/pepiniere-indigene.info\/wp-content\/uploads\/2024\/05\/20230902_190317-edited-300x300.jpg 300w, https:\/\/pepiniere-indigene.info\/wp-content\/uploads\/2024\/05\/20230902_190317-edited-1024x1024.jpg 1024w, https:\/\/pepiniere-indigene.info\/wp-content\/uploads\/2024\/05\/20230902_190317-edited-150x150.jpg 150w, https:\/\/pepiniere-indigene.info\/wp-content\/uploads\/2024\/05\/20230902_190317-edited-768x768.jpg 768w, https:\/\/pepiniere-indigene.info\/wp-content\/uploads\/2024\/05\/20230902_190317-edited-1536x1536.jpg 1536w\" sizes=\"auto, (max-width: 2045px) 100vw, 2045px\" \/><figcaption class=\"wp-element-caption\"><em>Sambucus nigra<\/em>, \u00ab\u00a0sureau noir\u00a0\u00bb<\/figcaption><\/figure>\n\n\n\n<figure class=\"wp-block-image size-full\"><img decoding=\"async\" data-id=\"87\" src=\"https:\/\/pepiniereindigene.wordpress.com\/wp-content\/uploads\/2024\/05\/img_1054-edited.jpg\" alt=\"\" class=\"wp-image-87\"\/><figcaption class=\"wp-element-caption\"><em>Frangula alnus<\/em>, \u00ab\u00a0bourdaine\u00a0\u00bb<\/figcaption><\/figure>\n\n\n\n<figure class=\"wp-block-image size-full\"><img decoding=\"async\" data-id=\"88\" src=\"https:\/\/pepiniereindigene.wordpress.com\/wp-content\/uploads\/2024\/05\/img_1060.jpg\" alt=\"\" class=\"wp-image-88\"\/><figcaption class=\"wp-element-caption\"><em>Sorbus aucuparia<\/em>, \u00ab\u00a0sorbier des oiseleurs\u00a0\u00bb<\/figcaption><\/figure>\n\n\n\n<figure class=\"wp-block-image size-full\"><img decoding=\"async\" data-id=\"100\" src=\"https:\/\/pepiniereindigene.wordpress.com\/wp-content\/uploads\/2024\/05\/20240522_104239-edited-1.jpg\" alt=\"\" class=\"wp-image-100\"\/><figcaption class=\"wp-element-caption\"><em>Rhamnus cathartica<\/em>, \u00ab\u00a0nerprun purgatif\u00a0\u00bb<\/figcaption><\/figure>\n\n\n\n<figure class=\"wp-block-image size-full\"><img decoding=\"async\" data-id=\"94\" src=\"https:\/\/pepiniereindigene.wordpress.com\/wp-content\/uploads\/2024\/05\/20240522_104558-edited-1.jpg\" alt=\"\" class=\"wp-image-94\"\/><figcaption class=\"wp-element-caption\"><em>Fraxinus excelsior<\/em>, \u00ab\u00a0fr\u00eane\u00a0\u00bb<\/figcaption><\/figure>\n\n\n\n<figure class=\"wp-block-image size-full\"><img decoding=\"async\" data-id=\"95\" src=\"https:\/\/pepiniereindigene.wordpress.com\/wp-content\/uploads\/2024\/05\/20240522_104312.jpg\" alt=\"\" class=\"wp-image-95\"\/><figcaption class=\"wp-element-caption\"><em>Prunus spinosa<\/em>, \u00ab\u00a0prunellier\u00a0\u00bb<\/figcaption><\/figure>\n\n\n\n<figure class=\"wp-block-image size-full\"><img decoding=\"async\" data-id=\"98\" src=\"https:\/\/pepiniereindigene.wordpress.com\/wp-content\/uploads\/2024\/05\/20240522_104216-edited.jpg\" alt=\"\" class=\"wp-image-98\"\/><figcaption class=\"wp-element-caption\"><em>Pyrus cordata<\/em>, \u00ab\u00a0poirier \u00e0 feuilles en c\u0153ur\u00a0\u00bb<\/figcaption><\/figure>\n<\/figure>\n\n\n\n<div style=\"height:calc( 0.25 * var(--wp--style--root--padding-right, var(--wp--custom--gap--horizontal)))\" aria-hidden=\"true\" class=\"wp-block-spacer\"><\/div>\n<\/div>\n\n\n\n<footer class=\"wp-block-group alignfull has-global-padding is-content-justification-center is-layout-constrained wp-container-core-group-is-layout-df757ecc wp-block-group-is-layout-constrained\" style=\"margin-top:0;margin-bottom:0;padding-top:calc( 0.5 * var(--wp--style--root--padding-right, var(--wp--custom--gap--horizontal)));padding-right:var(--wp--style--root--padding-right, var(--wp--custom--gap--horizontal));padding-bottom:calc( 0.5 * var(--wp--style--root--padding-right, var(--wp--custom--gap--horizontal)));padding-left:var(--wp--style--root--padding-left, var(--wp--custom--gap--horizontal))\">\n<div style=\"height:var(--wp--preset--spacing--40)\" aria-hidden=\"true\" class=\"wp-block-spacer\"><\/div>\n\n\n\n<div class=\"wp-block-columns alignwide is-layout-flex wp-container-core-columns-is-layout-7f3773af wp-block-columns-is-layout-flex\">\n<div class=\"wp-block-column is-layout-flow wp-container-core-column-is-layout-8a368f38 wp-block-column-is-layout-flow\"><h1 class=\"wp-block-site-title\">P\u00e9pini\u00e8re indig\u00e8ne<\/h1>\n\n\n<div style=\"height:var(--wp--preset--spacing--20)\" aria-hidden=\"true\" class=\"wp-block-spacer\"><\/div>\n\n\n\n<p>&#99;&#x6f;&#110;&#x74;&#97;&#x63;&#116;&#x40;&#112;&#x65;&#112;&#x69;n&#x69;e&#x72;e&#x2d;i&#x6e;d&#x69;g&#101;&#x6e;&#101;&#x2e;&#105;&#x6e;&#102;&#x6f;<\/p>\n\n\n\n<p>87380 CH\u00c2TEAU-CHERVIX<\/p>\n<\/div>\n<\/div>\n\n\n\n<div style=\"height:var(--wp--preset--spacing--20)\" aria-hidden=\"true\" class=\"wp-block-spacer\"><\/div>\n\n\n\n<div class=\"wp-block-group alignwide has-global-padding is-content-justification-left is-layout-constrained wp-container-core-group-is-layout-12dd3699 wp-block-group-is-layout-constrained\">\n<p class=\"has-text-align-left has-small-font-size\">Con\u00e7u avec <a href=\"https:\/\/pepiniere-indigene.info\/\">WordPress<\/a><\/p>\n<\/div>\n<\/footer>\n\n\n\n<div class=\"wp-block-group alignfull has-global-padding is-layout-constrained wp-container-core-group-is-layout-e4ce447a wp-block-group-is-layout-constrained\" style=\"margin-top:0;margin-bottom:0;padding-top:var(--wp--preset--spacing--10);padding-right:var(--wp--preset--spacing--40);padding-bottom:var(--wp--preset--spacing--10);padding-left:var(--wp--preset--spacing--40)\">\n<div style=\"height:calc( 0.25 * var(--wp--style--root--padding-right, var(--wp--custom--gap--horizontal)))\" aria-hidden=\"true\" class=\"wp-block-spacer\"><\/div>\n<\/div>\n\n\n\n<div class=\"wp-block-group alignfull has-global-padding is-content-justification-center is-layout-constrained wp-container-core-group-is-layout-df757ecc wp-block-group-is-layout-constrained\" style=\"margin-top:0;margin-bottom:0;padding-top:calc( 0.5 * var(--wp--style--root--padding-right, var(--wp--custom--gap--horizontal)));padding-right:var(--wp--style--root--padding-right, var(--wp--custom--gap--horizontal));padding-bottom:calc( 0.5 * var(--wp--style--root--padding-right, var(--wp--custom--gap--horizontal)));padding-left:var(--wp--style--root--padding-left, var(--wp--custom--gap--horizontal))\">\n<div style=\"height:calc( 0.25 * var(--wp--style--root--padding-right, var(--wp--custom--gap--horizontal)))\" aria-hidden=\"true\" class=\"wp-block-spacer\"><\/div>\n\n\n\n<header class=\"wp-block-group alignwide is-content-justification-center is-layout-flex wp-container-core-group-is-layout-b02886af wp-block-group-is-layout-flex\">\n<ul class=\"wp-block-social-links has-normal-icon-size is-style-logos-only is-content-justification-center is-layout-flex wp-container-core-social-links-is-layout-b95a575a wp-block-social-links-is-layout-flex\"><li class=\"wp-social-link wp-social-link-instagram  wp-block-social-link\"><a href=\"https:\/\/www.instagram.com\/pepiniere_indigene\/\" class=\"wp-block-social-link-anchor\"><svg width=\"24\" height=\"24\" viewBox=\"0 0 24 24\" version=\"1.1\" xmlns=\"http:\/\/www.w3.org\/2000\/svg\" aria-hidden=\"true\" focusable=\"false\"><path d=\"M12,4.622c2.403,0,2.688,0.009,3.637,0.052c0.877,0.04,1.354,0.187,1.671,0.31c0.42,0.163,0.72,0.358,1.035,0.673 c0.315,0.315,0.51,0.615,0.673,1.035c0.123,0.317,0.27,0.794,0.31,1.671c0.043,0.949,0.052,1.234,0.052,3.637 s-0.009,2.688-0.052,3.637c-0.04,0.877-0.187,1.354-0.31,1.671c-0.163,0.42-0.358,0.72-0.673,1.035 c-0.315,0.315-0.615,0.51-1.035,0.673c-0.317,0.123-0.794,0.27-1.671,0.31c-0.949,0.043-1.233,0.052-3.637,0.052 s-2.688-0.009-3.637-0.052c-0.877-0.04-1.354-0.187-1.671-0.31c-0.42-0.163-0.72-0.358-1.035-0.673 c-0.315-0.315-0.51-0.615-0.673-1.035c-0.123-0.317-0.27-0.794-0.31-1.671C4.631,14.688,4.622,14.403,4.622,12 s0.009-2.688,0.052-3.637c0.04-0.877,0.187-1.354,0.31-1.671c0.163-0.42,0.358-0.72,0.673-1.035 c0.315-0.315,0.615-0.51,1.035-0.673c0.317-0.123,0.794-0.27,1.671-0.31C9.312,4.631,9.597,4.622,12,4.622 M12,3 C9.556,3,9.249,3.01,8.289,3.054C7.331,3.098,6.677,3.25,6.105,3.472C5.513,3.702,5.011,4.01,4.511,4.511 c-0.5,0.5-0.808,1.002-1.038,1.594C3.25,6.677,3.098,7.331,3.054,8.289C3.01,9.249,3,9.556,3,12c0,2.444,0.01,2.751,0.054,3.711 c0.044,0.958,0.196,1.612,0.418,2.185c0.23,0.592,0.538,1.094,1.038,1.594c0.5,0.5,1.002,0.808,1.594,1.038 c0.572,0.222,1.227,0.375,2.185,0.418C9.249,20.99,9.556,21,12,21s2.751-0.01,3.711-0.054c0.958-0.044,1.612-0.196,2.185-0.418 c0.592-0.23,1.094-0.538,1.594-1.038c0.5-0.5,0.808-1.002,1.038-1.594c0.222-0.572,0.375-1.227,0.418-2.185 C20.99,14.751,21,14.444,21,12s-0.01-2.751-0.054-3.711c-0.044-0.958-0.196-1.612-0.418-2.185c-0.23-0.592-0.538-1.094-1.038-1.594 c-0.5-0.5-1.002-0.808-1.594-1.038c-0.572-0.222-1.227-0.375-2.185-0.418C14.751,3.01,14.444,3,12,3L12,3z M12,7.378 c-2.552,0-4.622,2.069-4.622,4.622S9.448,16.622,12,16.622s4.622-2.069,4.622-4.622S14.552,7.378,12,7.378z M12,15 c-1.657,0-3-1.343-3-3s1.343-3,3-3s3,1.343,3,3S13.657,15,12,15z M16.804,6.116c-0.596,0-1.08,0.484-1.08,1.08 s0.484,1.08,1.08,1.08c0.596,0,1.08-0.484,1.08-1.08S17.401,6.116,16.804,6.116z\"><\/path><\/svg><span class=\"wp-block-social-link-label screen-reader-text\">Instagram<\/span><\/a><\/li>\n\n<li class=\"wp-social-link wp-social-link-linkedin  wp-block-social-link\"><a href=\"https:\/\/www.linkedin.com\/in\/p%C3%A9pini%C3%A8re-indig%C3%A8ne-v%C3%A9g%C3%A9tal-local-massif-central\/\" class=\"wp-block-social-link-anchor\"><svg width=\"24\" height=\"24\" viewBox=\"0 0 24 24\" version=\"1.1\" xmlns=\"http:\/\/www.w3.org\/2000\/svg\" aria-hidden=\"true\" focusable=\"false\"><path d=\"M19.7,3H4.3C3.582,3,3,3.582,3,4.3v15.4C3,20.418,3.582,21,4.3,21h15.4c0.718,0,1.3-0.582,1.3-1.3V4.3 C21,3.582,20.418,3,19.7,3z M8.339,18.338H5.667v-8.59h2.672V18.338z M7.004,8.574c-0.857,0-1.549-0.694-1.549-1.548 c0-0.855,0.691-1.548,1.549-1.548c0.854,0,1.547,0.694,1.547,1.548C8.551,7.881,7.858,8.574,7.004,8.574z M18.339,18.338h-2.669 v-4.177c0-0.996-0.017-2.278-1.387-2.278c-1.389,0-1.601,1.086-1.601,2.206v4.249h-2.667v-8.59h2.559v1.174h0.037 c0.356-0.675,1.227-1.387,2.526-1.387c2.703,0,3.203,1.779,3.203,4.092V18.338z\"><\/path><\/svg><span class=\"wp-block-social-link-label screen-reader-text\">LinkedIn<\/span><\/a><\/li><\/ul>\n<\/header>\n\n\n\n<div style=\"height:calc( 0.25 * var(--wp--style--root--padding-right, var(--wp--custom--gap--horizontal)))\" aria-hidden=\"true\" class=\"wp-block-spacer\"><\/div>\n<\/div>\n<\/main>\n","protected":false},"excerpt":{"rendered":"<p>une p\u00e9pini\u00e8re de sauvages Cr\u00e9\u00e9e en Limousin, la p\u00e9pini\u00e8re INDIG\u00c8NE propose des arbres et arbustes issus de collecte de graines en milieu naturel. L&rsquo;origine locale et la diversit\u00e9 g\u00e9n\u00e9tique de ces v\u00e9g\u00e9taux garantissent leur fonctionnalit\u00e9 \u00e9cologique et la r\u00e9ussite de vos projets de plantation. au service de la biodiversit\u00e9 Nos v\u00e9g\u00e9taux sont destin\u00e9s aux plantations [&hellip;]<\/p>\n","protected":false},"author":1,"featured_media":0,"parent":0,"menu_order":0,"comment_status":"closed","ping_status":"closed","template":"","meta":{"footnotes":""},"class_list":["post-117","page","type-page","status-publish","hentry"],"_links":{"self":[{"href":"https:\/\/pepiniere-indigene.info\/index.php\/wp-json\/wp\/v2\/pages\/117","targetHints":{"allow":["GET"]}}],"collection":[{"href":"https:\/\/pepiniere-indigene.info\/index.php\/wp-json\/wp\/v2\/pages"}],"about":[{"href":"https:\/\/pepiniere-indigene.info\/index.php\/wp-json\/wp\/v2\/types\/page"}],"author":[{"embeddable":true,"href":"https:\/\/pepiniere-indigene.info\/index.php\/wp-json\/wp\/v2\/users\/1"}],"replies":[{"embeddable":true,"href":"https:\/\/pepiniere-indigene.info\/index.php\/wp-json\/wp\/v2\/comments?post=117"}],"version-history":[{"count":3,"href":"https:\/\/pepiniere-indigene.info\/index.php\/wp-json\/wp\/v2\/pages\/117\/revisions"}],"predecessor-version":[{"id":126,"href":"https:\/\/pepiniere-indigene.info\/index.php\/wp-json\/wp\/v2\/pages\/117\/revisions\/126"}],"wp:attachment":[{"href":"https:\/\/pepiniere-indigene.info\/index.php\/wp-json\/wp\/v2\/media?parent=117"}],"curies":[{"name":"wp","href":"https:\/\/api.w.org\/{rel}","templated":true}]}}